{"id":86,"date":"2024-12-16T23:17:47","date_gmt":"2024-12-16T22:17:47","guid":{"rendered":"http:\/\/intercave.local\/en\/?page_id=86"},"modified":"2026-02-27T08:32:15","modified_gmt":"2026-02-27T07:32:15","slug":"news","status":"publish","type":"page","link":"https:\/\/intercave.sav.sk\/en\/news\/","title":{"rendered":"News"},"content":{"rendered":"\t\t<div data-elementor-type=\"wp-page\" data-elementor-id=\"86\" class=\"elementor elementor-86\">\n\t\t\t\t<div class=\"elementor-element elementor-element-cc3a3b4 e-flex e-con-boxed e-con e-parent\" data-id=\"cc3a3b4\" data-element_type=\"container\">\n\t\t\t\t\t<div class=\"e-con-inner\">\n\t\t\t\t<div class=\"elementor-element elementor-element-fd59543 elementor-widget elementor-widget-heading\" data-id=\"fd59543\" data-element_type=\"widget\" data-widget_type=\"heading.default\">\n\t\t\t\t<div class=\"elementor-widget-container\">\n\t\t\t\t\t<h2 class=\"elementor-heading-title elementor-size-default\">News<\/h2>\t\t\t\t<\/div>\n\t\t\t\t<\/div>\n\t\t\t\t\t<\/div>\n\t\t\t\t<\/div>\n\t\t<div class=\"elementor-element elementor-element-fcf1253 e-flex e-con-boxed e-con e-parent\" data-id=\"fcf1253\" data-element_type=\"container\">\n\t\t\t\t\t<div class=\"e-con-inner\">\n\t\t\t\t<div class=\"elementor-element elementor-element-c4406a9 elementor-widget elementor-widget-heading\" data-id=\"c4406a9\" data-element_type=\"widget\" data-widget_type=\"heading.default\">\n\t\t\t\t<div class=\"elementor-widget-container\">\n\t\t\t\t\t<h2 class=\"elementor-heading-title elementor-size-default\">Invitation to a lecture<\/h2>\t\t\t\t<\/div>\n\t\t\t\t<\/div>\n\t\t\t\t\t<\/div>\n\t\t\t\t<\/div>\n\t\t<div class=\"elementor-element elementor-element-9038901 e-flex e-con-boxed e-con e-parent\" data-id=\"9038901\" data-element_type=\"container\">\n\t\t\t\t\t<div class=\"e-con-inner\">\n\t\t\t\t<div class=\"elementor-element elementor-element-e5dbb7d elementor-widget elementor-widget-text-editor\" data-id=\"e5dbb7d\" data-element_type=\"widget\" data-widget_type=\"text-editor.default\">\n\t\t\t\t<div class=\"elementor-widget-container\">\n\t\t\t\t\t\t\t\t\t<p><em>24th February 2026 from author: Adri\u00e1n Nemergut<\/em><\/p>\t\t\t\t\t\t\t\t<\/div>\n\t\t\t\t<\/div>\n\t\t\t\t\t<\/div>\n\t\t\t\t<\/div>\n\t\t<div class=\"elementor-element elementor-element-30464d0 e-flex e-con-boxed e-con e-parent\" data-id=\"30464d0\" data-element_type=\"container\">\n\t\t\t\t\t<div class=\"e-con-inner\">\n\t\t\t\t<div class=\"elementor-element elementor-element-6a99c9f elementor-widget elementor-widget-image\" data-id=\"6a99c9f\" data-element_type=\"widget\" data-widget_type=\"image.default\">\n\t\t\t\t<div class=\"elementor-widget-container\">\n\t\t\t\t\t\t\t\t\t\t\t\t\t\t\t<img fetchpriority=\"high\" decoding=\"async\" width=\"750\" height=\"422\" src=\"https:\/\/intercave.sav.sk\/en\/wp-content\/uploads\/sites\/3\/2026\/02\/637272595_1319248413566521_7518209227757690493_n-1024x576.jpg\" class=\"attachment-large size-large wp-image-502\" alt=\"\" srcset=\"https:\/\/intercave.sav.sk\/en\/wp-content\/uploads\/sites\/3\/2026\/02\/637272595_1319248413566521_7518209227757690493_n-1024x576.jpg 1024w, https:\/\/intercave.sav.sk\/en\/wp-content\/uploads\/sites\/3\/2026\/02\/637272595_1319248413566521_7518209227757690493_n-300x169.jpg 300w, https:\/\/intercave.sav.sk\/en\/wp-content\/uploads\/sites\/3\/2026\/02\/637272595_1319248413566521_7518209227757690493_n-768x432.jpg 768w, https:\/\/intercave.sav.sk\/en\/wp-content\/uploads\/sites\/3\/2026\/02\/637272595_1319248413566521_7518209227757690493_n-1536x864.jpg 1536w, https:\/\/intercave.sav.sk\/en\/wp-content\/uploads\/sites\/3\/2026\/02\/637272595_1319248413566521_7518209227757690493_n-600x338.jpg 600w, https:\/\/intercave.sav.sk\/en\/wp-content\/uploads\/sites\/3\/2026\/02\/637272595_1319248413566521_7518209227757690493_n.jpg 1920w\" sizes=\"(max-width: 750px) 100vw, 750px\" \/>\t\t\t\t\t\t\t\t\t\t\t\t\t\t\t<\/div>\n\t\t\t\t<\/div>\n\t\t\t\t\t<\/div>\n\t\t\t\t<\/div>\n\t\t<div class=\"elementor-element elementor-element-da9dee0 e-flex e-con-boxed e-con e-parent\" data-id=\"da9dee0\" data-element_type=\"container\">\n\t\t\t\t\t<div class=\"e-con-inner\">\n\t\t\t\t<div class=\"elementor-element elementor-element-a27f6c6 elementor-button-info elementor-widget elementor-widget-button\" data-id=\"a27f6c6\" data-element_type=\"widget\" data-widget_type=\"button.default\">\n\t\t\t\t<div class=\"elementor-widget-container\">\n\t\t\t\t\t\t\t\t\t<div class=\"elementor-button-wrapper\">\n\t\t\t\t\t<a class=\"elementor-button elementor-button-link elementor-size-sm\" href=\"https:\/\/www.arup.cas.cz\/akce\/prednaska-prehistoric-occupation-of-karst-regions-in-slovakia\/\">\n\t\t\t\t\t\t<span class=\"elementor-button-content-wrapper\">\n\t\t\t\t\t\t\t\t\t<span class=\"elementor-button-text\">Read more...<\/span>\n\t\t\t\t\t<\/span>\n\t\t\t\t\t<\/a>\n\t\t\t\t<\/div>\n\t\t\t\t\t\t\t\t<\/div>\n\t\t\t\t<\/div>\n\t\t\t\t\t<\/div>\n\t\t\t\t<\/div>\n\t\t<div class=\"elementor-element elementor-element-d71d320 e-flex e-con-boxed e-con e-parent\" data-id=\"d71d320\" data-element_type=\"container\">\n\t\t\t\t\t<div class=\"e-con-inner\">\n\t\t\t\t<div class=\"elementor-element elementor-element-c820e13 elementor-widget-divider--view-line elementor-widget elementor-widget-divider\" data-id=\"c820e13\" data-element_type=\"widget\" data-widget_type=\"divider.default\">\n\t\t\t\t<div class=\"elementor-widget-container\">\n\t\t\t\t\t\t\t<div class=\"elementor-divider\">\n\t\t\t<span class=\"elementor-divider-separator\">\n\t\t\t\t\t\t<\/span>\n\t\t<\/div>\n\t\t\t\t\t\t<\/div>\n\t\t\t\t<\/div>\n\t\t\t\t\t<\/div>\n\t\t\t\t<\/div>\n\t\t<div class=\"elementor-element elementor-element-34ee002 e-con-full e-flex e-con e-parent\" data-id=\"34ee002\" data-element_type=\"container\">\n\t\t<div class=\"elementor-element elementor-element-24a4ef1 e-con-full e-flex e-con e-child\" data-id=\"24a4ef1\" data-element_type=\"container\">\n\t\t\t\t<div class=\"elementor-element elementor-element-7d8bf6a elementor-widget elementor-widget-heading\" data-id=\"7d8bf6a\" data-element_type=\"widget\" data-widget_type=\"heading.default\">\n\t\t\t\t<div class=\"elementor-widget-container\">\n\t\t\t\t\t<h2 class=\"elementor-heading-title elementor-size-default\">Further Research in the Ve\u013ek\u00e1 ru\u017e\u00ednsk\u00e1 cave<\/h2>\t\t\t\t<\/div>\n\t\t\t\t<\/div>\n\t\t\t\t<div class=\"elementor-element elementor-element-b9e817c elementor-widget elementor-widget-text-editor\" data-id=\"b9e817c\" data-element_type=\"widget\" data-widget_type=\"text-editor.default\">\n\t\t\t\t<div class=\"elementor-widget-container\">\n\t\t\t\t\t\t\t\t\t<p><em>18th november 2025 from author: Adri\u00e1n Nemergut<\/em><\/p>\t\t\t\t\t\t\t\t<\/div>\n\t\t\t\t<\/div>\n\t\t\t\t<div class=\"elementor-element elementor-element-0ac5653 elementor-widget elementor-widget-image\" data-id=\"0ac5653\" data-element_type=\"widget\" data-widget_type=\"image.default\">\n\t\t\t\t<div class=\"elementor-widget-container\">\n\t\t\t\t\t\t\t\t\t\t\t\t\t\t\t<img decoding=\"async\" width=\"750\" height=\"422\" src=\"https:\/\/intercave.sav.sk\/en\/wp-content\/uploads\/sites\/3\/2025\/12\/Portal-1024x576.jpg\" class=\"attachment-large size-large wp-image-476\" alt=\"\" srcset=\"https:\/\/intercave.sav.sk\/en\/wp-content\/uploads\/sites\/3\/2025\/12\/Portal-1024x576.jpg 1024w, https:\/\/intercave.sav.sk\/en\/wp-content\/uploads\/sites\/3\/2025\/12\/Portal-300x169.jpg 300w, https:\/\/intercave.sav.sk\/en\/wp-content\/uploads\/sites\/3\/2025\/12\/Portal-768x432.jpg 768w, https:\/\/intercave.sav.sk\/en\/wp-content\/uploads\/sites\/3\/2025\/12\/Portal-600x338.jpg 600w, https:\/\/intercave.sav.sk\/en\/wp-content\/uploads\/sites\/3\/2025\/12\/Portal.jpg 1224w\" sizes=\"(max-width: 750px) 100vw, 750px\" \/>\t\t\t\t\t\t\t\t\t\t\t\t\t\t\t<\/div>\n\t\t\t\t<\/div>\n\t\t\t\t<div class=\"elementor-element elementor-element-999656b elementor-widget elementor-widget-text-editor\" data-id=\"999656b\" data-element_type=\"widget\" data-widget_type=\"text-editor.default\">\n\t\t\t\t<div class=\"elementor-widget-container\">\n\t\t\t\t\t\t\t\t\t<p>In 2025, the second season of multidisciplinary excavation of the Ve\u013ek\u00e1 ru\u017e\u00ednska Cave continued, following up on the results from 2023. The excavated area from the first season in the back part of the cave was expanded. It brought very important data about the Palaeolithic occupation, which has not yet been clearly confirmed.<\/p>\t\t\t\t\t\t\t\t<\/div>\n\t\t\t\t<\/div>\n\t\t\t\t<div class=\"elementor-element elementor-element-0023344 elementor-button-info elementor-widget elementor-widget-button\" data-id=\"0023344\" data-element_type=\"widget\" data-widget_type=\"button.default\">\n\t\t\t\t<div class=\"elementor-widget-container\">\n\t\t\t\t\t\t\t\t\t<div class=\"elementor-button-wrapper\">\n\t\t\t\t\t<a class=\"elementor-button elementor-button-link elementor-size-sm\" href=\"https:\/\/intercave.sav.sk\/en\/velka-ruzinska-jaskyna\/\">\n\t\t\t\t\t\t<span class=\"elementor-button-content-wrapper\">\n\t\t\t\t\t\t\t\t\t<span class=\"elementor-button-text\">Read more...<\/span>\n\t\t\t\t\t<\/span>\n\t\t\t\t\t<\/a>\n\t\t\t\t<\/div>\n\t\t\t\t\t\t\t\t<\/div>\n\t\t\t\t<\/div>\n\t\t\t\t<\/div>\n\t\t\t\t<\/div>\n\t\t<div class=\"elementor-element elementor-element-6e09197 e-flex e-con-boxed e-con e-parent\" data-id=\"6e09197\" data-element_type=\"container\">\n\t\t\t\t\t<div class=\"e-con-inner\">\n\t\t<div class=\"elementor-element elementor-element-2e96304 e-con-full e-flex e-con e-child\" data-id=\"2e96304\" data-element_type=\"container\">\n\t\t\t\t<div class=\"elementor-element elementor-element-45923cf elementor-widget-divider--view-line elementor-widget elementor-widget-divider\" data-id=\"45923cf\" data-element_type=\"widget\" data-widget_type=\"divider.default\">\n\t\t\t\t<div class=\"elementor-widget-container\">\n\t\t\t\t\t\t\t<div class=\"elementor-divider\">\n\t\t\t<span class=\"elementor-divider-separator\">\n\t\t\t\t\t\t<\/span>\n\t\t<\/div>\n\t\t\t\t\t\t<\/div>\n\t\t\t\t<\/div>\n\t\t\t\t<\/div>\n\t\t\t\t\t<\/div>\n\t\t\t\t<\/div>\n\t\t<div class=\"elementor-element elementor-element-aa74b7b e-con-full e-flex e-con e-parent\" data-id=\"aa74b7b\" data-element_type=\"container\">\n\t\t<div class=\"elementor-element elementor-element-bedecf2 e-con-full e-flex e-con e-child\" data-id=\"bedecf2\" data-element_type=\"container\">\n\t\t\t\t<div class=\"elementor-element elementor-element-5b60afd elementor-widget elementor-widget-image\" data-id=\"5b60afd\" data-element_type=\"widget\" data-widget_type=\"image.default\">\n\t\t\t\t<div class=\"elementor-widget-container\">\n\t\t\t\t\t\t\t\t\t\t\t\t\t\t\t<img decoding=\"async\" width=\"300\" height=\"298\" src=\"https:\/\/intercave.sav.sk\/en\/wp-content\/uploads\/sites\/3\/2025\/02\/Derava_news-300x298.jpg\" class=\"attachment-medium size-medium wp-image-455\" alt=\"\" srcset=\"https:\/\/intercave.sav.sk\/en\/wp-content\/uploads\/sites\/3\/2025\/02\/Derava_news-300x298.jpg 300w, https:\/\/intercave.sav.sk\/en\/wp-content\/uploads\/sites\/3\/2025\/02\/Derava_news-1024x1017.jpg 1024w, https:\/\/intercave.sav.sk\/en\/wp-content\/uploads\/sites\/3\/2025\/02\/Derava_news-150x150.jpg 150w, https:\/\/intercave.sav.sk\/en\/wp-content\/uploads\/sites\/3\/2025\/02\/Derava_news-768x763.jpg 768w, https:\/\/intercave.sav.sk\/en\/wp-content\/uploads\/sites\/3\/2025\/02\/Derava_news-1536x1526.jpg 1536w, https:\/\/intercave.sav.sk\/en\/wp-content\/uploads\/sites\/3\/2025\/02\/Derava_news-2048x2035.jpg 2048w, https:\/\/intercave.sav.sk\/en\/wp-content\/uploads\/sites\/3\/2025\/02\/Derava_news-600x596.jpg 600w, https:\/\/intercave.sav.sk\/en\/wp-content\/uploads\/sites\/3\/2025\/02\/Derava_news-160x160.jpg 160w\" sizes=\"(max-width: 300px) 100vw, 300px\" \/>\t\t\t\t\t\t\t\t\t\t\t\t\t\t\t<\/div>\n\t\t\t\t<\/div>\n\t\t\t\t<\/div>\n\t\t<div class=\"elementor-element elementor-element-0fdc503 e-con-full e-flex e-con e-child\" data-id=\"0fdc503\" data-element_type=\"container\">\n\t\t\t\t<div class=\"elementor-element elementor-element-2f7f53a elementor-widget elementor-widget-heading\" data-id=\"2f7f53a\" data-element_type=\"widget\" data-widget_type=\"heading.default\">\n\t\t\t\t<div class=\"elementor-widget-container\">\n\t\t\t\t\t<h2 class=\"elementor-heading-title elementor-size-default\">Excavation of Derav\u00e1 skala cave<\/h2>\t\t\t\t<\/div>\n\t\t\t\t<\/div>\n\t\t\t\t<div class=\"elementor-element elementor-element-b42adc6 elementor-widget elementor-widget-text-editor\" data-id=\"b42adc6\" data-element_type=\"widget\" data-widget_type=\"text-editor.default\">\n\t\t\t\t<div class=\"elementor-widget-container\">\n\t\t\t\t\t\t\t\t\t<p><em>24th october 2024 from author: Adri\u00e1n Nemergut<\/em><\/p>\t\t\t\t\t\t\t\t<\/div>\n\t\t\t\t<\/div>\n\t\t\t\t<div class=\"elementor-element elementor-element-7797af4 elementor-widget elementor-widget-text-editor\" data-id=\"7797af4\" data-element_type=\"widget\" data-widget_type=\"text-editor.default\">\n\t\t\t\t<div class=\"elementor-widget-container\">\n\t\t\t\t\t\t\t\t\t<p><span>In the summer of 2024, revision research was conducted in Derav\u00e1 Skala Cave near Plaveck\u00fd Mikul\u00e1\u0161 as part of a multidisciplinary collaboration between experts from Slovakia and abroad. It is key site for understanding the transition between the Middle and Early Palaeolithic periods (approximately 50,000\u201340,000 years ago) in Slovakia. This transition is marked by the extinction of the last Neanderthals and the expansion of anatomically modern humans. While extensive research on this subject, including the excavation of new sites and the re-evaluation of older ones, has primarily been conducted in Western Europe, this study aims to contribute to the knowledge of this transition in Central Europe.<\/span><\/p>\t\t\t\t\t\t\t\t<\/div>\n\t\t\t\t<\/div>\n\t\t\t\t<div class=\"elementor-element elementor-element-e0217a9 elementor-button-info elementor-widget elementor-widget-button\" data-id=\"e0217a9\" data-element_type=\"widget\" data-widget_type=\"button.default\">\n\t\t\t\t<div class=\"elementor-widget-container\">\n\t\t\t\t\t\t\t\t\t<div class=\"elementor-button-wrapper\">\n\t\t\t\t\t<a class=\"elementor-button elementor-button-link elementor-size-sm\" href=\"http:\/\/intercave.local\/en\/derava-skala\/\">\n\t\t\t\t\t\t<span class=\"elementor-button-content-wrapper\">\n\t\t\t\t\t\t\t\t\t<span class=\"elementor-button-text\">Read more...<\/span>\n\t\t\t\t\t<\/span>\n\t\t\t\t\t<\/a>\n\t\t\t\t<\/div>\n\t\t\t\t\t\t\t\t<\/div>\n\t\t\t\t<\/div>\n\t\t\t\t<\/div>\n\t\t\t\t<\/div>\n\t\t\t\t<\/div>\n\t\t","protected":false},"excerpt":{"rendered":"<p>News Invitation to a lecture 24th February 2026 from author: Adri\u00e1n Nemergut Read more&#8230; Further Research in the Ve\u013ek\u00e1 ru\u017e\u00ednsk\u00e1 cave 18th november 2025 from author: Adri\u00e1n Nemergut In 2025, the second season of multidisciplinary excavation of the Ve\u013ek\u00e1 ru\u017e\u00ednska Cave continued, following up on the results from 2023. The [&hellip;]<\/p>\n","protected":false},"author":1,"featured_media":200,"parent":0,"menu_order":6,"comment_status":"closed","ping_status":"closed","template":"","meta":{"_surecart_dashboard_logo_width":"180px","_surecart_dashboard_show_logo":true,"_surecart_dashboard_navigation_orders":true,"_surecart_dashboard_navigation_invoices":true,"_surecart_dashboard_navigation_subscriptions":true,"_surecart_dashboard_navigation_downloads":true,"_surecart_dashboard_navigation_billing":true,"_surecart_dashboard_navigation_account":true,"_themeisle_gutenberg_block_has_review":false,"footnotes":""},"class_list":["post-86","page","type-page","status-publish","has-post-thumbnail","hentry"],"_links":{"self":[{"href":"https:\/\/intercave.sav.sk\/en\/wp-json\/wp\/v2\/pages\/86","targetHints":{"allow":["GET"]}}],"collection":[{"href":"https:\/\/intercave.sav.sk\/en\/wp-json\/wp\/v2\/pages"}],"about":[{"href":"https:\/\/intercave.sav.sk\/en\/wp-json\/wp\/v2\/types\/page"}],"author":[{"embeddable":true,"href":"https:\/\/intercave.sav.sk\/en\/wp-json\/wp\/v2\/users\/1"}],"replies":[{"embeddable":true,"href":"https:\/\/intercave.sav.sk\/en\/wp-json\/wp\/v2\/comments?post=86"}],"version-history":[{"count":55,"href":"https:\/\/intercave.sav.sk\/en\/wp-json\/wp\/v2\/pages\/86\/revisions"}],"predecessor-version":[{"id":511,"href":"https:\/\/intercave.sav.sk\/en\/wp-json\/wp\/v2\/pages\/86\/revisions\/511"}],"wp:featuredmedia":[{"embeddable":true,"href":"https:\/\/intercave.sav.sk\/en\/wp-json\/wp\/v2\/media\/200"}],"wp:attachment":[{"href":"https:\/\/intercave.sav.sk\/en\/wp-json\/wp\/v2\/media?parent=86"}],"curies":[{"name":"wp","href":"https:\/\/api.w.org\/{rel}","templated":true}]}}