{"id":82,"date":"2024-12-16T23:16:38","date_gmt":"2024-12-16T22:16:38","guid":{"rendered":"http:\/\/intercave.local\/en\/?page_id=82"},"modified":"2025-12-09T22:40:51","modified_gmt":"2025-12-09T21:40:51","slug":"velka-ruzinska-jaskyna","status":"publish","type":"page","link":"https:\/\/intercave.sav.sk\/en\/velka-ruzinska-jaskyna\/","title":{"rendered":"Ve\u013ek\u00e1 ru\u017e\u00ednska cave"},"content":{"rendered":"\t\t<div data-elementor-type=\"wp-page\" data-elementor-id=\"82\" class=\"elementor elementor-82\">\n\t\t\t\t<div class=\"elementor-element elementor-element-9d23da0 e-flex e-con-boxed e-con e-parent\" data-id=\"9d23da0\" data-element_type=\"container\">\n\t\t\t\t\t<div class=\"e-con-inner\">\n\t\t\t\t<div class=\"elementor-element elementor-element-279f090 elementor-widget elementor-widget-heading\" data-id=\"279f090\" data-element_type=\"widget\" data-widget_type=\"heading.default\">\n\t\t\t\t<div class=\"elementor-widget-container\">\n\t\t\t\t\t<h2 class=\"elementor-heading-title elementor-size-default\">Ve\u013ek\u00e1 ru\u017e\u00ednska cave<\/h2>\t\t\t\t<\/div>\n\t\t\t\t<\/div>\n\t\t\t\t\t<\/div>\n\t\t\t\t<\/div>\n\t\t<div class=\"elementor-element elementor-element-a8744d2 e-con-full e-flex e-con e-parent\" data-id=\"a8744d2\" data-element_type=\"container\">\n\t\t\t\t<div class=\"elementor-element elementor-element-a62edcd elementor-widget elementor-widget-image\" data-id=\"a62edcd\" data-element_type=\"widget\" data-widget_type=\"image.default\">\n\t\t\t\t<div class=\"elementor-widget-container\">\n\t\t\t\t\t\t\t\t\t\t\t\t\t\t\t<img fetchpriority=\"high\" decoding=\"async\" width=\"750\" height=\"422\" src=\"https:\/\/intercave.sav.sk\/en\/wp-content\/uploads\/sites\/3\/2025\/12\/Portal-1024x576.jpg\" class=\"attachment-large size-large wp-image-476\" alt=\"\" srcset=\"https:\/\/intercave.sav.sk\/en\/wp-content\/uploads\/sites\/3\/2025\/12\/Portal-1024x576.jpg 1024w, https:\/\/intercave.sav.sk\/en\/wp-content\/uploads\/sites\/3\/2025\/12\/Portal-300x169.jpg 300w, https:\/\/intercave.sav.sk\/en\/wp-content\/uploads\/sites\/3\/2025\/12\/Portal-768x432.jpg 768w, https:\/\/intercave.sav.sk\/en\/wp-content\/uploads\/sites\/3\/2025\/12\/Portal-600x338.jpg 600w, https:\/\/intercave.sav.sk\/en\/wp-content\/uploads\/sites\/3\/2025\/12\/Portal.jpg 1224w\" sizes=\"(max-width: 750px) 100vw, 750px\" \/>\t\t\t\t\t\t\t\t\t\t\t\t\t\t\t<\/div>\n\t\t\t\t<\/div>\n\t\t\t\t<\/div>\n\t\t<div class=\"elementor-element elementor-element-1279cb1 e-flex e-con-boxed e-con e-parent\" data-id=\"1279cb1\" data-element_type=\"container\">\n\t\t\t\t\t<div class=\"e-con-inner\">\n\t\t\t\t<div class=\"elementor-element elementor-element-651796a elementor-widget elementor-widget-text-editor\" data-id=\"651796a\" data-element_type=\"widget\" data-widget_type=\"text-editor.default\">\n\t\t\t\t<div class=\"elementor-widget-container\">\n\t\t\t\t\t\t\t\t\t<p>Fig. 1. Entrance portal.<\/p>\t\t\t\t\t\t\t\t<\/div>\n\t\t\t\t<\/div>\n\t\t\t\t\t<\/div>\n\t\t\t\t<\/div>\n\t\t<div class=\"elementor-element elementor-element-00c707c e-flex e-con-boxed e-con e-parent\" data-id=\"00c707c\" data-element_type=\"container\">\n\t\t\t\t\t<div class=\"e-con-inner\">\n\t\t\t\t<div class=\"elementor-element elementor-element-512642a elementor-widget elementor-widget-text-editor\" data-id=\"512642a\" data-element_type=\"widget\" data-widget_type=\"text-editor.default\">\n\t\t\t\t<div class=\"elementor-widget-container\">\n\t\t\t\t\t\t\t\t\t<p>In 2025, the second season of multidisciplinary excavation of the Ve\u013ek\u00e1 ru\u017e\u00ednska Cave continued, following up on the results from 2023. The excavated area from the first season in the back part of the cave was expanded. It brought very important data about the Palaeolithic occupation, which has not yet been clearly confirmed (<em>Nemergut et al., in press<\/em>).<\/p>\t\t\t\t\t\t\t\t<\/div>\n\t\t\t\t<\/div>\n\t\t\t\t\t<\/div>\n\t\t\t\t<\/div>\n\t\t<div class=\"elementor-element elementor-element-7d1b9d0 e-flex e-con-boxed e-con e-parent\" data-id=\"7d1b9d0\" data-element_type=\"container\">\n\t\t\t\t\t<div class=\"e-con-inner\">\n\t\t\t\t<div class=\"elementor-element elementor-element-852ad37 elementor-widget elementor-widget-image\" data-id=\"852ad37\" data-element_type=\"widget\" data-widget_type=\"image.default\">\n\t\t\t\t<div class=\"elementor-widget-container\">\n\t\t\t\t\t\t\t\t\t\t\t\t\t\t\t<img decoding=\"async\" width=\"750\" height=\"500\" src=\"https:\/\/intercave.sav.sk\/en\/wp-content\/uploads\/sites\/3\/2025\/12\/T323625a-1024x683.jpg\" class=\"attachment-large size-large wp-image-477\" alt=\"\" srcset=\"https:\/\/intercave.sav.sk\/en\/wp-content\/uploads\/sites\/3\/2025\/12\/T323625a-1024x683.jpg 1024w, https:\/\/intercave.sav.sk\/en\/wp-content\/uploads\/sites\/3\/2025\/12\/T323625a-300x200.jpg 300w, https:\/\/intercave.sav.sk\/en\/wp-content\/uploads\/sites\/3\/2025\/12\/T323625a-768x512.jpg 768w, https:\/\/intercave.sav.sk\/en\/wp-content\/uploads\/sites\/3\/2025\/12\/T323625a-360x240.jpg 360w, https:\/\/intercave.sav.sk\/en\/wp-content\/uploads\/sites\/3\/2025\/12\/T323625a-600x400.jpg 600w, https:\/\/intercave.sav.sk\/en\/wp-content\/uploads\/sites\/3\/2025\/12\/T323625a.jpg 1200w\" sizes=\"(max-width: 750px) 100vw, 750px\" \/>\t\t\t\t\t\t\t\t\t\t\t\t\t\t\t<\/div>\n\t\t\t\t<\/div>\n\t\t\t\t\t<\/div>\n\t\t\t\t<\/div>\n\t\t<div class=\"elementor-element elementor-element-8e99842 e-flex e-con-boxed e-con e-parent\" data-id=\"8e99842\" data-element_type=\"container\">\n\t\t\t\t\t<div class=\"e-con-inner\">\n\t\t\t\t<div class=\"elementor-element elementor-element-5479b57 elementor-widget elementor-widget-text-editor\" data-id=\"5479b57\" data-element_type=\"widget\" data-widget_type=\"text-editor.default\">\n\t\t\t\t<div class=\"elementor-widget-container\">\n\t\t\t\t\t\t\t\t\t<p>Fig. 2. Excavation of the layer.<\/p>\t\t\t\t\t\t\t\t<\/div>\n\t\t\t\t<\/div>\n\t\t\t\t\t<\/div>\n\t\t\t\t<\/div>\n\t\t<div class=\"elementor-element elementor-element-b22e672 e-flex e-con-boxed e-con e-parent\" data-id=\"b22e672\" data-element_type=\"container\">\n\t\t\t\t\t<div class=\"e-con-inner\">\n\t\t\t\t<div class=\"elementor-element elementor-element-9da4b81 elementor-widget elementor-widget-text-editor\" data-id=\"9da4b81\" data-element_type=\"widget\" data-widget_type=\"text-editor.default\">\n\t\t\t\t<div class=\"elementor-widget-container\">\n\t\t\t\t\t\t\t\t\t<p>The latest occupation is associated with the remains of a hearth from the modern age. The youngest prehistoric finds are from the Neolithic. Activity during this period was relatively intense, as another hearth and several postholes were found in a row (Fig. 3). A deep pit was detected below (Fig. 4), which recess to layer 16, the Palaeolithic \u201ccultural\u201d layer identified by S. Roth at the end of the 19th century (<em>Kadi\u010d 1934<\/em>, 10\u201314). The oldest finds of the lithic industry were contained in a layer just above the bedrock, dated over then 43 ka uncal BP. The bedrock was only reached in the western half of the trench, and not over the entire area, as there is a deep &#8220;depression&#8221; with fine-grained alluvial sediments (Fig. 5), from where a sample was taken for OSL dating.<\/p>\t\t\t\t\t\t\t\t<\/div>\n\t\t\t\t<\/div>\n\t\t\t\t\t<\/div>\n\t\t\t\t<\/div>\n\t\t<div class=\"elementor-element elementor-element-519e4be e-flex e-con-boxed e-con e-parent\" data-id=\"519e4be\" data-element_type=\"container\">\n\t\t\t\t\t<div class=\"e-con-inner\">\n\t\t\t\t<div class=\"elementor-element elementor-element-b85ddb8 elementor-widget elementor-widget-image\" data-id=\"b85ddb8\" data-element_type=\"widget\" data-widget_type=\"image.default\">\n\t\t\t\t<div class=\"elementor-widget-container\">\n\t\t\t\t\t\t\t\t\t\t\t\t\t\t\t<img decoding=\"async\" width=\"750\" height=\"500\" src=\"https:\/\/intercave.sav.sk\/en\/wp-content\/uploads\/sites\/3\/2025\/12\/T323591a-1024x683.jpg\" class=\"attachment-large size-large wp-image-478\" alt=\"\" srcset=\"https:\/\/intercave.sav.sk\/en\/wp-content\/uploads\/sites\/3\/2025\/12\/T323591a-1024x683.jpg 1024w, https:\/\/intercave.sav.sk\/en\/wp-content\/uploads\/sites\/3\/2025\/12\/T323591a-300x200.jpg 300w, https:\/\/intercave.sav.sk\/en\/wp-content\/uploads\/sites\/3\/2025\/12\/T323591a-768x512.jpg 768w, https:\/\/intercave.sav.sk\/en\/wp-content\/uploads\/sites\/3\/2025\/12\/T323591a-360x240.jpg 360w, https:\/\/intercave.sav.sk\/en\/wp-content\/uploads\/sites\/3\/2025\/12\/T323591a-600x400.jpg 600w, https:\/\/intercave.sav.sk\/en\/wp-content\/uploads\/sites\/3\/2025\/12\/T323591a.jpg 1200w\" sizes=\"(max-width: 750px) 100vw, 750px\" \/>\t\t\t\t\t\t\t\t\t\t\t\t\t\t\t<\/div>\n\t\t\t\t<\/div>\n\t\t\t\t\t<\/div>\n\t\t\t\t<\/div>\n\t\t<div class=\"elementor-element elementor-element-7909a93 e-flex e-con-boxed e-con e-parent\" data-id=\"7909a93\" data-element_type=\"container\">\n\t\t\t\t\t<div class=\"e-con-inner\">\n\t\t\t\t<div class=\"elementor-element elementor-element-a849fe9 elementor-widget elementor-widget-text-editor\" data-id=\"a849fe9\" data-element_type=\"widget\" data-widget_type=\"text-editor.default\">\n\t\t\t\t<div class=\"elementor-widget-container\">\n\t\t\t\t\t\t\t\t\t<p>Fig. 3. Neolithic finding situation.<\/p>\t\t\t\t\t\t\t\t<\/div>\n\t\t\t\t<\/div>\n\t\t\t\t\t<\/div>\n\t\t\t\t<\/div>\n\t\t<div class=\"elementor-element elementor-element-d7a0fef e-flex e-con-boxed e-con e-parent\" data-id=\"d7a0fef\" data-element_type=\"container\">\n\t\t\t\t\t<div class=\"e-con-inner\">\n\t\t\t\t<div class=\"elementor-element elementor-element-afe2aa3 elementor-widget elementor-widget-text-editor\" data-id=\"afe2aa3\" data-element_type=\"widget\" data-widget_type=\"text-editor.default\">\n\t\t\t\t<div class=\"elementor-widget-container\">\n\t\t\t\t\t\t\t\t\t<p>Archaeological finds represent fragments of pottery, lithic industry and a few probably worked animal bones. The find material is complemented by numerous animal bones and archaeobotanical remains in the form of charcoal. In addition, samples were taken from individual layers\/contexts for further analyses of phytoliths, pollen, soot, sedimentary eDNA, biomarkers, genesis and post-depositional processes of geological layers and absolute <sup>14<\/sup>C, OSL dating.<\/p>\t\t\t\t\t\t\t\t<\/div>\n\t\t\t\t<\/div>\n\t\t\t\t\t<\/div>\n\t\t\t\t<\/div>\n\t\t<div class=\"elementor-element elementor-element-057b613 e-flex e-con-boxed e-con e-parent\" data-id=\"057b613\" data-element_type=\"container\">\n\t\t\t\t\t<div class=\"e-con-inner\">\n\t\t\t\t<div class=\"elementor-element elementor-element-fa902e8 elementor-widget elementor-widget-image\" data-id=\"fa902e8\" data-element_type=\"widget\" data-widget_type=\"image.default\">\n\t\t\t\t<div class=\"elementor-widget-container\">\n\t\t\t\t\t\t\t\t\t\t\t\t\t\t\t<img loading=\"lazy\" decoding=\"async\" width=\"750\" height=\"500\" src=\"https:\/\/intercave.sav.sk\/en\/wp-content\/uploads\/sites\/3\/2025\/12\/T323607a-1024x683.jpg\" class=\"attachment-large size-large wp-image-479\" alt=\"\" srcset=\"https:\/\/intercave.sav.sk\/en\/wp-content\/uploads\/sites\/3\/2025\/12\/T323607a-1024x683.jpg 1024w, https:\/\/intercave.sav.sk\/en\/wp-content\/uploads\/sites\/3\/2025\/12\/T323607a-300x200.jpg 300w, https:\/\/intercave.sav.sk\/en\/wp-content\/uploads\/sites\/3\/2025\/12\/T323607a-768x512.jpg 768w, https:\/\/intercave.sav.sk\/en\/wp-content\/uploads\/sites\/3\/2025\/12\/T323607a-360x240.jpg 360w, https:\/\/intercave.sav.sk\/en\/wp-content\/uploads\/sites\/3\/2025\/12\/T323607a-600x400.jpg 600w, https:\/\/intercave.sav.sk\/en\/wp-content\/uploads\/sites\/3\/2025\/12\/T323607a.jpg 1200w\" sizes=\"(max-width: 750px) 100vw, 750px\" \/>\t\t\t\t\t\t\t\t\t\t\t\t\t\t\t<\/div>\n\t\t\t\t<\/div>\n\t\t\t\t\t<\/div>\n\t\t\t\t<\/div>\n\t\t<div class=\"elementor-element elementor-element-38db9f1 e-flex e-con-boxed e-con e-parent\" data-id=\"38db9f1\" data-element_type=\"container\">\n\t\t\t\t\t<div class=\"e-con-inner\">\n\t\t\t\t<div class=\"elementor-element elementor-element-f9bbdf7 elementor-widget elementor-widget-text-editor\" data-id=\"f9bbdf7\" data-element_type=\"widget\" data-widget_type=\"text-editor.default\">\n\t\t\t\t<div class=\"elementor-widget-container\">\n\t\t\t\t\t\t\t\t\t<p>Fig. 3. A pit which recess to layer 16, the dark Palaeolithic \u201ccultural\u201d layer identified by S. Roth.<\/p>\t\t\t\t\t\t\t\t<\/div>\n\t\t\t\t<\/div>\n\t\t\t\t\t<\/div>\n\t\t\t\t<\/div>\n\t\t<div class=\"elementor-element elementor-element-53bd0d7 e-flex e-con-boxed e-con e-parent\" data-id=\"53bd0d7\" data-element_type=\"container\">\n\t\t\t\t\t<div class=\"e-con-inner\">\n\t\t\t\t<div class=\"elementor-element elementor-element-502a12a elementor-widget elementor-widget-text-editor\" data-id=\"502a12a\" data-element_type=\"widget\" data-widget_type=\"text-editor.default\">\n\t\t\t\t<div class=\"elementor-widget-container\">\n\t\t\t\t\t\t\t\t\t<p>Institutions participating in the research: Archeologick\u00fd \u00fastav SAV, v. v. i.; Geologick\u00fd \u00fastav AV \u010cR; Katedra Archeol\u00f3gie FF UKF v Nitre; Max Planck institute; Pr\u00edrodovedeck\u00e1 fakulta UK; Slovensk\u00e9 m\u00fazeum ochrany pr\u00edrody a\u00a0jaskyniarstva; \u0160t\u00e1tny geologick\u00fd \u00fastav Dion\u00fdza \u0160t\u00fara and \u00dastav vied o Zemi SAV, v. v. i.<\/p>\t\t\t\t\t\t\t\t<\/div>\n\t\t\t\t<\/div>\n\t\t\t\t\t<\/div>\n\t\t\t\t<\/div>\n\t\t<div class=\"elementor-element elementor-element-ced5a37 e-flex e-con-boxed e-con e-parent\" data-id=\"ced5a37\" data-element_type=\"container\">\n\t\t\t\t\t<div class=\"e-con-inner\">\n\t\t\t\t<div class=\"elementor-element elementor-element-afe2aaa elementor-widget elementor-widget-image\" data-id=\"afe2aaa\" data-element_type=\"widget\" data-widget_type=\"image.default\">\n\t\t\t\t<div class=\"elementor-widget-container\">\n\t\t\t\t\t\t\t\t\t\t\t\t\t\t\t<img loading=\"lazy\" decoding=\"async\" width=\"750\" height=\"500\" src=\"https:\/\/intercave.sav.sk\/en\/wp-content\/uploads\/sites\/3\/2025\/12\/T323676a-1024x683.jpg\" class=\"attachment-large size-large wp-image-480\" alt=\"\" srcset=\"https:\/\/intercave.sav.sk\/en\/wp-content\/uploads\/sites\/3\/2025\/12\/T323676a-1024x683.jpg 1024w, https:\/\/intercave.sav.sk\/en\/wp-content\/uploads\/sites\/3\/2025\/12\/T323676a-300x200.jpg 300w, https:\/\/intercave.sav.sk\/en\/wp-content\/uploads\/sites\/3\/2025\/12\/T323676a-768x512.jpg 768w, https:\/\/intercave.sav.sk\/en\/wp-content\/uploads\/sites\/3\/2025\/12\/T323676a-360x240.jpg 360w, https:\/\/intercave.sav.sk\/en\/wp-content\/uploads\/sites\/3\/2025\/12\/T323676a-600x400.jpg 600w, https:\/\/intercave.sav.sk\/en\/wp-content\/uploads\/sites\/3\/2025\/12\/T323676a.jpg 1200w\" sizes=\"(max-width: 750px) 100vw, 750px\" \/>\t\t\t\t\t\t\t\t\t\t\t\t\t\t\t<\/div>\n\t\t\t\t<\/div>\n\t\t\t\t\t<\/div>\n\t\t\t\t<\/div>\n\t\t<div class=\"elementor-element elementor-element-d8b65d9 e-flex e-con-boxed e-con e-parent\" data-id=\"d8b65d9\" data-element_type=\"container\">\n\t\t\t\t\t<div class=\"e-con-inner\">\n\t\t\t\t<div class=\"elementor-element elementor-element-b5854a1 elementor-widget elementor-widget-text-editor\" data-id=\"b5854a1\" data-element_type=\"widget\" data-widget_type=\"text-editor.default\">\n\t\t\t\t<div class=\"elementor-widget-container\">\n\t\t\t\t\t\t\t\t\t<p>Fig. 4. Western profile.<\/p>\t\t\t\t\t\t\t\t<\/div>\n\t\t\t\t<\/div>\n\t\t\t\t\t<\/div>\n\t\t\t\t<\/div>\n\t\t<div class=\"elementor-element elementor-element-ada8a43 e-flex e-con-boxed e-con e-parent\" data-id=\"ada8a43\" data-element_type=\"container\">\n\t\t\t\t\t<div class=\"e-con-inner\">\n\t\t\t\t<div class=\"elementor-element elementor-element-e05a97a elementor-widget elementor-widget-text-editor\" data-id=\"e05a97a\" data-element_type=\"widget\" data-widget_type=\"text-editor.default\">\n\t\t\t\t<div class=\"elementor-widget-container\">\n\t\t\t\t\t\t\t\t\t<p><strong>References:<\/strong><\/p><p><em>Kadi\u010d 1934<\/em> \u2013 O. Kadi\u010d: <em>Der Mensch zur Eiszeit in Ungarn.<\/em> Budapest 1934.<\/p><p><\/p><p><em>Nemergut et al., in press \u2013 <\/em>A. Nemergut\/M. Soj\u00e1k\/L. Lis\u00e1\/M. Hajnalov\u00e1\/R. Puti\u0161ka\/M. Sabol\/B. Hromadov\u00e1\/L. Popovi\u010dov\u00e1: Archeologick\u00fd v\u00fdskum Ve\u013ekej ru\u017e\u00ednskej jaskyne. <em>AVANS 2023<\/em>, in press.<\/p>\t\t\t\t\t\t\t\t<\/div>\n\t\t\t\t<\/div>\n\t\t\t\t\t<\/div>\n\t\t\t\t<\/div>\n\t\t<div class=\"elementor-element elementor-element-01cfe20 e-flex e-con-boxed e-con e-parent\" data-id=\"01cfe20\" data-element_type=\"container\">\n\t\t\t\t\t<div class=\"e-con-inner\">\n\t\t\t\t<div class=\"elementor-element elementor-element-bcda608 elementor-widget elementor-widget-text-editor\" data-id=\"bcda608\" data-element_type=\"widget\" data-widget_type=\"text-editor.default\">\n\t\t\t\t<div class=\"elementor-widget-container\">\n\t\t\t\t\t\t\t\t\t<p><em>Adri\u00e1n Nemergut<\/em><\/p>\t\t\t\t\t\t\t\t<\/div>\n\t\t\t\t<\/div>\n\t\t\t\t\t<\/div>\n\t\t\t\t<\/div>\n\t\t\t\t<\/div>\n\t\t","protected":false},"excerpt":{"rendered":"<p>Ve\u013ek\u00e1 ru\u017e\u00ednska cave Fig. 1. Entrance portal. In 2025, the second season of multidisciplinary excavation of the Ve\u013ek\u00e1 ru\u017e\u00ednska Cave continued, following up on the results from 2023. The excavated area from the first season in the back part of the cave was expanded. It brought very important data about [&hellip;]<\/p>\n","protected":false},"author":1,"featured_media":141,"parent":0,"menu_order":4,"comment_status":"closed","ping_status":"closed","template":"","meta":{"_surecart_dashboard_logo_width":"180px","_surecart_dashboard_show_logo":true,"_surecart_dashboard_navigation_orders":true,"_surecart_dashboard_navigation_invoices":true,"_surecart_dashboard_navigation_subscriptions":true,"_surecart_dashboard_navigation_downloads":true,"_surecart_dashboard_navigation_billing":true,"_surecart_dashboard_navigation_account":true,"_themeisle_gutenberg_block_has_review":false,"footnotes":""},"class_list":["post-82","page","type-page","status-publish","has-post-thumbnail","hentry"],"_links":{"self":[{"href":"https:\/\/intercave.sav.sk\/en\/wp-json\/wp\/v2\/pages\/82","targetHints":{"allow":["GET"]}}],"collection":[{"href":"https:\/\/intercave.sav.sk\/en\/wp-json\/wp\/v2\/pages"}],"about":[{"href":"https:\/\/intercave.sav.sk\/en\/wp-json\/wp\/v2\/types\/page"}],"author":[{"embeddable":true,"href":"https:\/\/intercave.sav.sk\/en\/wp-json\/wp\/v2\/users\/1"}],"replies":[{"embeddable":true,"href":"https:\/\/intercave.sav.sk\/en\/wp-json\/wp\/v2\/comments?post=82"}],"version-history":[{"count":15,"href":"https:\/\/intercave.sav.sk\/en\/wp-json\/wp\/v2\/pages\/82\/revisions"}],"predecessor-version":[{"id":496,"href":"https:\/\/intercave.sav.sk\/en\/wp-json\/wp\/v2\/pages\/82\/revisions\/496"}],"wp:featuredmedia":[{"embeddable":true,"href":"https:\/\/intercave.sav.sk\/en\/wp-json\/wp\/v2\/media\/141"}],"wp:attachment":[{"href":"https:\/\/intercave.sav.sk\/en\/wp-json\/wp\/v2\/media?parent=82"}],"curies":[{"name":"wp","href":"https:\/\/api.w.org\/{rel}","templated":true}]}}