{"id":78,"date":"2024-12-16T23:15:10","date_gmt":"2024-12-16T22:15:10","guid":{"rendered":"http:\/\/intercave.local\/en\/?page_id=78"},"modified":"2025-02-06T12:34:44","modified_gmt":"2025-02-06T11:34:44","slug":"derava-skala","status":"publish","type":"page","link":"https:\/\/intercave.sav.sk\/en\/derava-skala\/","title":{"rendered":"Derav\u00e1 skala"},"content":{"rendered":"\t\t<div data-elementor-type=\"wp-page\" data-elementor-id=\"78\" class=\"elementor elementor-78\">\n\t\t\t\t<div class=\"elementor-element elementor-element-c1e84de e-flex e-con-boxed e-con e-parent\" data-id=\"c1e84de\" data-element_type=\"container\">\n\t\t\t\t\t<div class=\"e-con-inner\">\n\t\t\t\t<div class=\"elementor-element elementor-element-04d3697 elementor-widget elementor-widget-heading\" data-id=\"04d3697\" data-element_type=\"widget\" data-widget_type=\"heading.default\">\n\t\t\t\t<div class=\"elementor-widget-container\">\n\t\t\t\t\t<h2 class=\"elementor-heading-title elementor-size-default\">Derav\u00e1 skala<\/h2>\t\t\t\t<\/div>\n\t\t\t\t<\/div>\n\t\t\t\t<div class=\"elementor-element elementor-element-17edcf0 elementor-widget elementor-widget-image\" data-id=\"17edcf0\" data-element_type=\"widget\" data-widget_type=\"image.default\">\n\t\t\t\t<div class=\"elementor-widget-container\">\n\t\t\t\t\t\t\t\t\t\t\t\t\t\t\t<img fetchpriority=\"high\" decoding=\"async\" width=\"750\" height=\"500\" src=\"https:\/\/intercave.sav.sk\/en\/wp-content\/uploads\/sites\/3\/2025\/02\/DSC_1038b-1-1024x683.jpg\" class=\"attachment-large size-large wp-image-433\" alt=\"\" srcset=\"https:\/\/intercave.sav.sk\/en\/wp-content\/uploads\/sites\/3\/2025\/02\/DSC_1038b-1-1024x683.jpg 1024w, https:\/\/intercave.sav.sk\/en\/wp-content\/uploads\/sites\/3\/2025\/02\/DSC_1038b-1-300x200.jpg 300w, https:\/\/intercave.sav.sk\/en\/wp-content\/uploads\/sites\/3\/2025\/02\/DSC_1038b-1-768x512.jpg 768w, https:\/\/intercave.sav.sk\/en\/wp-content\/uploads\/sites\/3\/2025\/02\/DSC_1038b-1-1536x1024.jpg 1536w, https:\/\/intercave.sav.sk\/en\/wp-content\/uploads\/sites\/3\/2025\/02\/DSC_1038b-1-2048x1365.jpg 2048w, https:\/\/intercave.sav.sk\/en\/wp-content\/uploads\/sites\/3\/2025\/02\/DSC_1038b-1-360x240.jpg 360w, https:\/\/intercave.sav.sk\/en\/wp-content\/uploads\/sites\/3\/2025\/02\/DSC_1038b-1-600x400.jpg 600w\" sizes=\"(max-width: 750px) 100vw, 750px\" \/>\t\t\t\t\t\t\t\t\t\t\t\t\t\t\t<\/div>\n\t\t\t\t<\/div>\n\t\t\t\t\t<\/div>\n\t\t\t\t<\/div>\n\t\t<div class=\"elementor-element elementor-element-cd09aa6 e-flex e-con-boxed e-con e-parent\" data-id=\"cd09aa6\" data-element_type=\"container\">\n\t\t\t\t\t<div class=\"e-con-inner\">\n\t\t\t\t<div class=\"elementor-element elementor-element-dbc3f88 elementor-widget elementor-widget-text-editor\" data-id=\"dbc3f88\" data-element_type=\"widget\" data-widget_type=\"text-editor.default\">\n\t\t\t\t<div class=\"elementor-widget-container\">\n\t\t\t\t\t\t\t\t\t<p>Fig. 1. Entrance portal of the cave<\/p>\t\t\t\t\t\t\t\t<\/div>\n\t\t\t\t<\/div>\n\t\t\t\t\t<\/div>\n\t\t\t\t<\/div>\n\t\t<div class=\"elementor-element elementor-element-8eefa27 e-flex e-con-boxed e-con e-parent\" data-id=\"8eefa27\" data-element_type=\"container\">\n\t\t\t\t\t<div class=\"e-con-inner\">\n\t\t\t\t<div class=\"elementor-element elementor-element-7eb4d92 elementor-widget elementor-widget-text-editor\" data-id=\"7eb4d92\" data-element_type=\"widget\" data-widget_type=\"text-editor.default\">\n\t\t\t\t<div class=\"elementor-widget-container\">\n\t\t\t\t\t\t\t\t\t<p>In the summer of 2024, revision research was conducted in Derav\u00e1 Skala Cave near Plaveck\u00fd Mikul\u00e1\u0161 as part of a multidisciplinary collaboration between experts from Slovakia and abroad. It is key site for understanding the transition between the Middle and Early Palaeolithic periods (approximately 50,000\u201340,000 years ago) in Slovakia. This transition is marked by the extinction of the last Neanderthals and the expansion of anatomically modern humans. While extensive research on this subject, including the excavation of new sites and the re-evaluation of older ones, has primarily been conducted in Western Europe, this study aims to contribute to the knowledge of this transition in Central Europe.<\/p>\n<p>The objective of the excavation was to establish a detailed chronology of cultural activities and to gain insights into the characteristics of the local environment and climate during the Early and Middle Palaeolithic. Methodologically, this was not a classical archaeological excavation but rather a study focused on the integration of various natural science disciplines. These included archaeobotany (analysis of charcoal, pollen, phytoliths and parenchyma), palaeontology (macrofauna and microfauna), soot analysis, and the examination of stone and bone artefacts. Geochemical techniques (e.g., XRF and trace element analysis) were employed alongside geological methods, such as micromorphology, granulometry, magnetic susceptibility and phosphorus analysis, to investigate sediment genesis. Organic remains, where preserved, will be used for radiocarbon dating, depending on the specific contexts. These analyses will be complemented by advanced geochronological techniques, such as optically stimulated luminescence (OSL) and electron spin resonance (ESR) dating, as well as sedimentary environmental DNA (eDNA) studies.<\/p>\t\t\t\t\t\t\t\t<\/div>\n\t\t\t\t<\/div>\n\t\t\t\t\t<\/div>\n\t\t\t\t<\/div>\n\t\t<div class=\"elementor-element elementor-element-362666a e-flex e-con-boxed e-con e-parent\" data-id=\"362666a\" data-element_type=\"container\">\n\t\t\t\t\t<div class=\"e-con-inner\">\n\t\t\t\t<div class=\"elementor-element elementor-element-8e64269 elementor-widget elementor-widget-image\" data-id=\"8e64269\" data-element_type=\"widget\" data-widget_type=\"image.default\">\n\t\t\t\t<div class=\"elementor-widget-container\">\n\t\t\t\t\t\t\t\t\t\t\t\t\t\t\t<img decoding=\"async\" width=\"750\" height=\"500\" src=\"https:\/\/intercave.sav.sk\/en\/wp-content\/uploads\/sites\/3\/2024\/12\/DSC_1270-1024x683.jpg\" class=\"attachment-large size-large wp-image-183\" alt=\"\" srcset=\"https:\/\/intercave.sav.sk\/en\/wp-content\/uploads\/sites\/3\/2024\/12\/DSC_1270-1024x683.jpg 1024w, https:\/\/intercave.sav.sk\/en\/wp-content\/uploads\/sites\/3\/2024\/12\/DSC_1270-300x200.jpg 300w, https:\/\/intercave.sav.sk\/en\/wp-content\/uploads\/sites\/3\/2024\/12\/DSC_1270-768x512.jpg 768w, https:\/\/intercave.sav.sk\/en\/wp-content\/uploads\/sites\/3\/2024\/12\/DSC_1270-1536x1024.jpg 1536w, https:\/\/intercave.sav.sk\/en\/wp-content\/uploads\/sites\/3\/2024\/12\/DSC_1270-2048x1365.jpg 2048w, https:\/\/intercave.sav.sk\/en\/wp-content\/uploads\/sites\/3\/2024\/12\/DSC_1270-360x240.jpg 360w, https:\/\/intercave.sav.sk\/en\/wp-content\/uploads\/sites\/3\/2024\/12\/DSC_1270-600x400.jpg 600w\" sizes=\"(max-width: 750px) 100vw, 750px\" \/>\t\t\t\t\t\t\t\t\t\t\t\t\t\t\t<\/div>\n\t\t\t\t<\/div>\n\t\t\t\t\t<\/div>\n\t\t\t\t<\/div>\n\t\t<div class=\"elementor-element elementor-element-1d6d078 e-flex e-con-boxed e-con e-parent\" data-id=\"1d6d078\" data-element_type=\"container\">\n\t\t\t\t\t<div class=\"e-con-inner\">\n\t\t\t\t<div class=\"elementor-element elementor-element-fd276a2 elementor-widget elementor-widget-text-editor\" data-id=\"fd276a2\" data-element_type=\"widget\" data-widget_type=\"text-editor.default\">\n\t\t\t\t<div class=\"elementor-widget-container\">\n\t\t\t\t\t\t\t\t\t<p>Fig. 2. Interior of the cave during the excavation.<\/p>\t\t\t\t\t\t\t\t<\/div>\n\t\t\t\t<\/div>\n\t\t\t\t\t<\/div>\n\t\t\t\t<\/div>\n\t\t<div class=\"elementor-element elementor-element-7af17f5 e-flex e-con-boxed e-con e-parent\" data-id=\"7af17f5\" data-element_type=\"container\">\n\t\t\t\t\t<div class=\"e-con-inner\">\n\t\t\t\t<div class=\"elementor-element elementor-element-5b9427b elementor-widget elementor-widget-text-editor\" data-id=\"5b9427b\" data-element_type=\"widget\" data-widget_type=\"text-editor.default\">\n\t\t\t\t<div class=\"elementor-widget-container\">\n\t\t\t\t\t\t\t\t\t<p>The excavation was conducted on a minimal space, covering an area of approximately 1 \u00d7 1 m. A section of the control block from the 2002\u20132003 excavation, which had been left between trenches PP1 and PP2, was examined (Kaminsk\u00e1\/Koz\u0142owski\/Svoboda 2005, 13). The upper layers contained ceramic material from the agricultural prehistoric period. Animal bones and lithic artefacts from the Gravettian and Aurignacian, associated with anatomically modern humans, as well as the Micoquian, attributed to Neanderthals, were recovered from the lower layers.<\/p><p>Several institutions are involved in the research: the Institute of Archaeology of the Slovak Academy of Sciences; Australian Museum Research Institute; Australian National University;\u00a0 University of Sydney; University of Melbourne; University of Paris; University of Vienna; Cambridge University; Max Planck Institute; Griffith University; Department of Archaeology at the Faculty of Archaeology of the University of Science and Technology in Nitra; Institute of Geology of the CAS; Faculty of Science at Charles University in Prague, Czech Republic; State Geological Institute of Dion\u00fdz \u0160t\u00far, University of Science and Technology in Bratislava; and the Slovak Museum of Nature Conservation and Cave Building.<\/p>\t\t\t\t\t\t\t\t<\/div>\n\t\t\t\t<\/div>\n\t\t\t\t\t<\/div>\n\t\t\t\t<\/div>\n\t\t<div class=\"elementor-element elementor-element-7f3dd60 e-flex e-con-boxed e-con e-parent\" data-id=\"7f3dd60\" data-element_type=\"container\">\n\t\t\t\t\t<div class=\"e-con-inner\">\n\t\t\t\t<div class=\"elementor-element elementor-element-390d0d6 elementor-widget elementor-widget-image\" data-id=\"390d0d6\" data-element_type=\"widget\" data-widget_type=\"image.default\">\n\t\t\t\t<div class=\"elementor-widget-container\">\n\t\t\t\t\t\t\t\t\t\t\t\t\t\t\t<img decoding=\"async\" width=\"683\" height=\"1024\" src=\"https:\/\/intercave.sav.sk\/en\/wp-content\/uploads\/sites\/3\/2024\/12\/DSC_1399-683x1024.jpg\" class=\"attachment-large size-large wp-image-192\" alt=\"\" srcset=\"https:\/\/intercave.sav.sk\/en\/wp-content\/uploads\/sites\/3\/2024\/12\/DSC_1399-683x1024.jpg 683w, https:\/\/intercave.sav.sk\/en\/wp-content\/uploads\/sites\/3\/2024\/12\/DSC_1399-200x300.jpg 200w, https:\/\/intercave.sav.sk\/en\/wp-content\/uploads\/sites\/3\/2024\/12\/DSC_1399-768x1152.jpg 768w, https:\/\/intercave.sav.sk\/en\/wp-content\/uploads\/sites\/3\/2024\/12\/DSC_1399-1024x1536.jpg 1024w, https:\/\/intercave.sav.sk\/en\/wp-content\/uploads\/sites\/3\/2024\/12\/DSC_1399-1365x2048.jpg 1365w, https:\/\/intercave.sav.sk\/en\/wp-content\/uploads\/sites\/3\/2024\/12\/DSC_1399-600x900.jpg 600w, https:\/\/intercave.sav.sk\/en\/wp-content\/uploads\/sites\/3\/2024\/12\/DSC_1399-scaled.jpg 1707w\" sizes=\"(max-width: 683px) 100vw, 683px\" \/>\t\t\t\t\t\t\t\t\t\t\t\t\t\t\t<\/div>\n\t\t\t\t<\/div>\n\t\t\t\t\t<\/div>\n\t\t\t\t<\/div>\n\t\t<div class=\"elementor-element elementor-element-2b991e4 e-flex e-con-boxed e-con e-parent\" data-id=\"2b991e4\" data-element_type=\"container\">\n\t\t\t\t\t<div class=\"e-con-inner\">\n\t\t\t\t<div class=\"elementor-element elementor-element-b022e80 elementor-widget elementor-widget-text-editor\" data-id=\"b022e80\" data-element_type=\"widget\" data-widget_type=\"text-editor.default\">\n\t\t\t\t<div class=\"elementor-widget-container\">\n\t\t\t\t\t\t\t\t\t<p>\u00a0 \u00a0 \u00a0 Fig. 3. Trench profile.<\/p>\t\t\t\t\t\t\t\t<\/div>\n\t\t\t\t<\/div>\n\t\t\t\t\t<\/div>\n\t\t\t\t<\/div>\n\t\t<div class=\"elementor-element elementor-element-444c7af e-flex e-con-boxed e-con e-parent\" data-id=\"444c7af\" data-element_type=\"container\">\n\t\t\t\t\t<div class=\"e-con-inner\">\n\t\t\t\t<div class=\"elementor-element elementor-element-0c3febb elementor-widget elementor-widget-text-editor\" data-id=\"0c3febb\" data-element_type=\"widget\" data-widget_type=\"text-editor.default\">\n\t\t\t\t<div class=\"elementor-widget-container\">\n\t\t\t\t\t\t\t\t\t<p><b>Reference:<\/b><\/p><p><em>Kaminsk\u00e1\/Koz\u0142owski\/Svoboda 2005 \u2013 <\/em>\u013d. Kaminsk\u00e1\/J. K. Koz\u0142owski\/J. A. Svoboda: Sequence of Palaeolithic occupations. In: \u013d. Kaminsk\u00e1\/J. K. Koz\u0142owski\/J. A. Svoboda (eds.). Pleistocene Environments and Archaeology of the Dzerav\u00e1 skala Cave, Lesser Carpathians, Slovakia. Krak\u00f3w 2005, 7\u201358.<\/p>\t\t\t\t\t\t\t\t<\/div>\n\t\t\t\t<\/div>\n\t\t\t\t\t<\/div>\n\t\t\t\t<\/div>\n\t\t<div class=\"elementor-element elementor-element-39e5d34 e-flex e-con-boxed e-con e-parent\" data-id=\"39e5d34\" data-element_type=\"container\">\n\t\t\t\t\t<div class=\"e-con-inner\">\n\t\t\t\t<div class=\"elementor-element elementor-element-8737c1d elementor-widget elementor-widget-text-editor\" data-id=\"8737c1d\" data-element_type=\"widget\" data-widget_type=\"text-editor.default\">\n\t\t\t\t<div class=\"elementor-widget-container\">\n\t\t\t\t\t\t\t\t\t<p><em>Adri\u00e1n Nemergut<\/em><\/p>\t\t\t\t\t\t\t\t<\/div>\n\t\t\t\t<\/div>\n\t\t\t\t\t<\/div>\n\t\t\t\t<\/div>\n\t\t\t\t<\/div>\n\t\t","protected":false},"excerpt":{"rendered":"<p>Derav\u00e1 skala Fig. 1. Entrance portal of the cave In the summer of 2024, revision research was conducted in Derav\u00e1 Skala Cave near Plaveck\u00fd Mikul\u00e1\u0161 as part of a multidisciplinary collaboration between experts from Slovakia and abroad. It is key site for understanding the transition between the Middle and Early [&hellip;]<\/p>\n","protected":false},"author":1,"featured_media":141,"parent":0,"menu_order":3,"comment_status":"closed","ping_status":"closed","template":"","meta":{"_surecart_dashboard_logo_width":"180px","_surecart_dashboard_show_logo":true,"_surecart_dashboard_navigation_orders":true,"_surecart_dashboard_navigation_invoices":true,"_surecart_dashboard_navigation_subscriptions":true,"_surecart_dashboard_navigation_downloads":true,"_surecart_dashboard_navigation_billing":true,"_surecart_dashboard_navigation_account":true,"_themeisle_gutenberg_block_has_review":false,"footnotes":""},"class_list":["post-78","page","type-page","status-publish","has-post-thumbnail","hentry"],"_links":{"self":[{"href":"https:\/\/intercave.sav.sk\/en\/wp-json\/wp\/v2\/pages\/78","targetHints":{"allow":["GET"]}}],"collection":[{"href":"https:\/\/intercave.sav.sk\/en\/wp-json\/wp\/v2\/pages"}],"about":[{"href":"https:\/\/intercave.sav.sk\/en\/wp-json\/wp\/v2\/types\/page"}],"author":[{"embeddable":true,"href":"https:\/\/intercave.sav.sk\/en\/wp-json\/wp\/v2\/users\/1"}],"replies":[{"embeddable":true,"href":"https:\/\/intercave.sav.sk\/en\/wp-json\/wp\/v2\/comments?post=78"}],"version-history":[{"count":49,"href":"https:\/\/intercave.sav.sk\/en\/wp-json\/wp\/v2\/pages\/78\/revisions"}],"predecessor-version":[{"id":462,"href":"https:\/\/intercave.sav.sk\/en\/wp-json\/wp\/v2\/pages\/78\/revisions\/462"}],"wp:featuredmedia":[{"embeddable":true,"href":"https:\/\/intercave.sav.sk\/en\/wp-json\/wp\/v2\/media\/141"}],"wp:attachment":[{"href":"https:\/\/intercave.sav.sk\/en\/wp-json\/wp\/v2\/media?parent=78"}],"curies":[{"name":"wp","href":"https:\/\/api.w.org\/{rel}","templated":true}]}}